{"id":9077,"date":"2022-04-21T14:45:13","date_gmt":"2022-04-21T14:45:13","guid":{"rendered":"https:\/\/www.clapclap-strasbourg.com\/clap-coffee\/"},"modified":"2026-04-20T15:59:34","modified_gmt":"2026-04-20T15:59:34","slug":"clap-coffee","status":"publish","type":"page","link":"https:\/\/www.clapclap-strasbourg.com\/de\/clap-coffee\/","title":{"rendered":"Clap Coffee"},"content":{"rendered":"\t\t<div data-elementor-type=\"wp-page\" data-elementor-id=\"9077\" class=\"elementor elementor-9077 elementor-75\" data-elementor-post-type=\"page\">\n\t\t\t\t\t\t<section data-dce-background-image-url=\"https:\/\/www.clapclap-strasbourg.com\/wp-content\/uploads\/clap-coffee\/lounge-clapclap-hotel-strasbourg.webp\" class=\"elementor-section elementor-top-section elementor-element elementor-element-b63c02d elementor-section-full_width elementor-section-height-min-height elementor-section-height-default elementor-section-items-middle\" data-id=\"b63c02d\" data-element_type=\"section\" data-e-type=\"section\" data-settings=\"{&quot;background_background&quot;:&quot;classic&quot;}\">\n\t\t\t\t\t\t\t<div class=\"elementor-background-overlay\"><\/div>\n\t\t\t\t\t\t\t<div class=\"elementor-container elementor-column-gap-default\">\n\t\t\t\t\t<div class=\"elementor-column elementor-col-100 elementor-top-column elementor-element elementor-element-bea8ac4\" data-id=\"bea8ac4\" data-element_type=\"column\" data-e-type=\"column\">\n\t\t\t<div class=\"elementor-widget-wrap elementor-element-populated\">\n\t\t\t\t\t\t<div class=\"elementor-element elementor-element-cf12ced elementor-widget elementor-widget-heading\" data-id=\"cf12ced\" data-element_type=\"widget\" data-e-type=\"widget\" data-widget_type=\"heading.default\">\n\t\t\t\t<div class=\"elementor-widget-container\">\n\t\t\t\t\t<span class=\"elementor-heading-title elementor-size-default\">Willkommen im<\/span>\t\t\t\t<\/div>\n\t\t\t\t<\/div>\n\t\t\t\t<div class=\"elementor-element elementor-element-3b615fd elementor-widget elementor-widget-image\" data-id=\"3b615fd\" data-element_type=\"widget\" data-e-type=\"widget\" data-widget_type=\"image.default\">\n\t\t\t\t<div class=\"elementor-widget-container\">\n\t\t\t\t\t\t\t\t\t\t\t\t\t\t\t<img decoding=\"async\" width=\"205\" height=\"69\" src=\"https:\/\/www.clapclap-strasbourg.com\/wp-content\/uploads\/homepage\/univers-clapclap\/clap-coffee-logo.svg\" class=\"attachment-full size-full wp-image-7765\" alt=\"Logo ClapCoffee - H\u00f4tel Strasbourg\" \/>\t\t\t\t\t\t\t\t\t\t\t\t\t\t\t<\/div>\n\t\t\t\t<\/div>\n\t\t\t\t\t<\/div>\n\t\t<\/div>\n\t\t\t\t\t<\/div>\n\t\t<\/section>\n\t\t\t\t<section class=\"elementor-section elementor-top-section elementor-element elementor-element-0e0391c elementor-section-full_width elementor-section-height-default elementor-section-height-default\" data-id=\"0e0391c\" data-element_type=\"section\" data-e-type=\"section\" data-settings=\"{&quot;background_background&quot;:&quot;classic&quot;}\">\n\t\t\t\t\t\t<div class=\"elementor-container elementor-column-gap-no\">\n\t\t\t\t\t<div class=\"elementor-column elementor-col-50 elementor-top-column elementor-element elementor-element-56d9da6\" data-id=\"56d9da6\" data-element_type=\"column\" data-e-type=\"column\">\n\t\t\t<div class=\"elementor-widget-wrap elementor-element-populated\">\n\t\t\t\t\t\t<div class=\"elementor-element elementor-element-b328056 elementor-widget__width-inherit elementor-widget elementor-widget-heading\" data-id=\"b328056\" data-element_type=\"widget\" data-e-type=\"widget\" data-widget_type=\"heading.default\">\n\t\t\t\t<div class=\"elementor-widget-container\">\n\t\t\t\t\t<h1 class=\"elementor-heading-title elementor-size-default\">Ein Ort, um <span style=\"color:#E2A1A9\">sich zu entspannen<\/span>, einen guten Kaffee zu trinken, <span style=\"color:#E2A1A9\">ein gutes Bier<\/span> oder guten Saft in Stra\u00dfburg!<\/h1>\t\t\t\t<\/div>\n\t\t\t\t<\/div>\n\t\t\t\t\t<\/div>\n\t\t<\/div>\n\t\t\t\t<div class=\"elementor-column elementor-col-50 elementor-top-column elementor-element elementor-element-22624da\" data-id=\"22624da\" data-element_type=\"column\" data-e-type=\"column\">\n\t\t\t<div class=\"elementor-widget-wrap elementor-element-populated\">\n\t\t\t\t\t\t<div class=\"elementor-element elementor-element-aadd99c elementor-widget elementor-widget-text-editor\" data-id=\"aadd99c\" data-element_type=\"widget\" data-e-type=\"widget\" data-widget_type=\"text-editor.default\">\n\t\t\t\t<div class=\"elementor-widget-container\">\n\t\t\t\t\t\t\t\t\t<p>Das ClapCoffee ist ein<strong> 130m\u00b2 gro\u00dfer Raum<\/strong>, in dem man sich mit Freunden, <strong>Kollegen<\/strong> oder der Familie treffen kann.<\/p><p>Das ClapCoffee ist ein <strong>lebendiger Ort der Begegnung<\/strong>, an den Kunst und Musik eingeladen werden. Ein Caf\u00e9, in dem Sie <strong>kurzlebige Ausstellungen mit lokalen K\u00fcnstlern entdecken k\u00f6nnen<\/strong>, w\u00e4hrend Sie Ihr Lieblingsgetr\u00e4nk genie\u00dfen.<\/p>\t\t\t\t\t\t\t\t<\/div>\n\t\t\t\t<\/div>\n\t\t\t\t<div class=\"elementor-element elementor-element-2b7bad5 elementor-widget elementor-widget-button\" data-id=\"2b7bad5\" data-element_type=\"widget\" data-e-type=\"widget\" data-widget_type=\"button.default\">\n\t\t\t\t<div class=\"elementor-widget-container\">\n\t\t\t\t\t\t\t\t\t<div class=\"elementor-button-wrapper\">\n\t\t\t\t\t<a class=\"elementor-button elementor-button-link elementor-size-sm\" href=\"https:\/\/www.clapclap-strasbourg.com\/wp-content\/uploads\/cartes-menus\/carte-clap-coffee.pdf\" target=\"_blank\">\n\t\t\t\t\t\t<span class=\"elementor-button-content-wrapper\">\n\t\t\t\t\t\t\t\t\t<span class=\"elementor-button-text\">Karte ansehen<\/span>\n\t\t\t\t\t<\/span>\n\t\t\t\t\t<\/a>\n\t\t\t\t<\/div>\n\t\t\t\t\t\t\t\t<\/div>\n\t\t\t\t<\/div>\n\t\t\t\t\t<\/div>\n\t\t<\/div>\n\t\t\t\t\t<\/div>\n\t\t<\/section>\n\t\t\t\t<section data-dce-background-overlay-image-url=\"https:\/\/www.clapclap-strasbourg.com\/wp-content\/uploads\/illustration-chambres-1.png\" class=\"elementor-section elementor-top-section elementor-element elementor-element-77577d0 elementor-section-boxed elementor-section-height-default elementor-section-height-default\" data-id=\"77577d0\" data-element_type=\"section\" data-e-type=\"section\" data-settings=\"{&quot;background_background&quot;:&quot;classic&quot;}\">\n\t\t\t\t\t\t\t<div class=\"elementor-background-overlay\"><\/div>\n\t\t\t\t\t\t\t<div class=\"elementor-container elementor-column-gap-default\">\n\t\t\t\t\t<div class=\"elementor-column elementor-col-100 elementor-top-column elementor-element elementor-element-0f9f11c\" data-id=\"0f9f11c\" data-element_type=\"column\" data-e-type=\"column\">\n\t\t\t<div class=\"elementor-widget-wrap elementor-element-populated\">\n\t\t\t\t\t\t<section data-dce-background-image-url=\"https:\/\/www.clapclap-strasbourg.com\/wp-content\/uploads\/clap-coffee\/clap-coffee-boire-manger-strasbourg-clapaclap-hotel.webp\" class=\"elementor-section elementor-inner-section elementor-element elementor-element-6537343 elementor-section-height-min-height elementor-section-boxed elementor-section-height-default\" data-id=\"6537343\" data-element_type=\"section\" data-e-type=\"section\" data-settings=\"{&quot;background_background&quot;:&quot;classic&quot;}\">\n\t\t\t\t\t\t<div class=\"elementor-container elementor-column-gap-default\">\n\t\t\t\t\t<div class=\"elementor-column elementor-col-100 elementor-inner-column elementor-element elementor-element-f37cb73\" data-id=\"f37cb73\" data-element_type=\"column\" data-e-type=\"column\" data-settings=\"{&quot;background_background&quot;:&quot;classic&quot;}\">\n\t\t\t<div class=\"elementor-widget-wrap elementor-element-populated\">\n\t\t\t\t\t\t<div class=\"elementor-element elementor-element-48d719b elementor-widget elementor-widget-spacer\" data-id=\"48d719b\" data-element_type=\"widget\" data-e-type=\"widget\" data-widget_type=\"spacer.default\">\n\t\t\t\t<div class=\"elementor-widget-container\">\n\t\t\t\t\t\t\t<div class=\"elementor-spacer\">\n\t\t\t<div class=\"elementor-spacer-inner\"><\/div>\n\t\t<\/div>\n\t\t\t\t\t\t<\/div>\n\t\t\t\t<\/div>\n\t\t\t\t\t<\/div>\n\t\t<\/div>\n\t\t\t\t\t<\/div>\n\t\t<\/section>\n\t\t\t\t<section class=\"elementor-section elementor-inner-section elementor-element elementor-element-bcaeb40 elementor-section-boxed elementor-section-height-default elementor-section-height-default\" data-id=\"bcaeb40\" data-element_type=\"section\" data-e-type=\"section\" data-settings=\"{&quot;background_background&quot;:&quot;classic&quot;}\">\n\t\t\t\t\t\t<div class=\"elementor-container elementor-column-gap-default\">\n\t\t\t\t\t<div class=\"elementor-column elementor-col-100 elementor-inner-column elementor-element elementor-element-0f0b7ff\" data-id=\"0f0b7ff\" data-element_type=\"column\" data-e-type=\"column\" data-settings=\"{&quot;background_background&quot;:&quot;classic&quot;}\">\n\t\t\t<div class=\"elementor-widget-wrap elementor-element-populated\">\n\t\t\t\t\t\t<div class=\"elementor-element elementor-element-e16c680 ee-grid-columns-2 ee-grid-columns-mobile-2 ee-grid-columns-tablet-2 ee-grid-halign--left ee-grid-align--top ee-gallery-overflow-tablet--yes ee-gallery-overflow-mobile--yes elementor-widget elementor-widget-gallery-extra\" data-id=\"e16c680\" data-element_type=\"widget\" data-e-type=\"widget\" data-settings=\"{&quot;columns&quot;:&quot;2&quot;,&quot;columns_mobile&quot;:&quot;2&quot;,&quot;columns_tablet&quot;:&quot;2&quot;}\" data-widget_type=\"gallery-extra.default\">\n\t\t\t\t<div class=\"elementor-widget-container\">\n\t\t\t\t\t<div class=\"ee-gallery-wrapper\">\n\t\t\t<div class=\"ee-gallery ee-grid ee-grid--gallery ee-gallery__gallery\"><div class=\"ee-gallery__item ee-gallery__item--1 ee-grid__item\">\n\t\t\t\t<a class=\"ee-media ee-gallery__media\" data-elementor-open-lightbox=\"yes\" data-elementor-lightbox-slideshow=\"e16c680_9077\" data-elementor-lightbox-title=\"Clap Coffee \u2013 Grande salle au ClapClap H\u00f4tel Strasbourg\" data-elementor-lightbox-description=\"Grande salle du Clap Coffee au ClapClap H\u00f4tel Strasbourg : parquet point de Hongrie, chaises roses et vertes, tables rondes, colonnes blanches, luminaires globes, plafond caissons bleu marine avec bandeau salmon, \u00e9cran TV mural et porte rouge. Au 24-26 rue du Faubourg National \u00e0 Strasbourg.\" data-e-action-hash=\"#elementor-action%3Aaction%3Dlightbox%26settings%3DeyJpZCI6MTA0MjAsInVybCI6Imh0dHBzOlwvXC93d3cuY2xhcGNsYXAtc3RyYXNib3VyZy5jb21cL3dwLWNvbnRlbnRcL3VwbG9hZHNcL2NsYXAtY29mZmVlXC9jbGFwLWNvZmZlZS1zdHJhc2JvdXJnLTAwODkud2VicCIsInNsaWRlc2hvdyI6ImUxNmM2ODBfOTA3NyJ9\" href=\"https:\/\/www.clapclap-strasbourg.com\/wp-content\/uploads\/clap-coffee\/clap-coffee-strasbourg-0089.webp\">\n\t\t\t\t\t<div class=\"ee-media__wrapper ee-gallery__media-wrapper\"><div class=\"ee-media__thumbnail ee-gallery__media__thumbnail\">\n\t\t\t<img decoding=\"async\" src=\"https:\/\/www.clapclap-strasbourg.com\/wp-content\/uploads\/clap-coffee\/clap-coffee-strasbourg-0089.webp\" alt=\"Grande salle du Clap Coffee au ClapClap H\u00f4tel Strasbourg avec parquet point de Hongrie, chaises roses et vertes, plafond caissons et \u00e9cran TV mural\" title=\"Clap Coffee \u2013 Grande salle au ClapClap H\u00f4tel Strasbourg\" \/>\n\t\t<\/div><div class=\"ee-media__overlay ee-gallery__media__overlay\"><\/div><figcaption class=\"ee-media__content ee-gallery__media__content\">\n\t\t\t<div class=\"wp-caption-text ee-media__content__caption ee-gallery__media__caption ee-caption ee-caption--wordpress\">\n\t\t\t\tLa grande salle du Clap Coffee au ClapClap H\u00f4tel Strasbourg : parquet point de Hongrie, chaises roses et vertes, luminaires globe et plafond caissons bleu marine\t\t\t<\/div>\n\t\t<\/figcaption><\/div>\n\t\t\t\t<\/a>\n\t\t\t<\/div><div class=\"ee-gallery__item ee-gallery__item--2 ee-grid__item\">\n\t\t\t\t<a class=\"ee-media ee-gallery__media\" data-elementor-open-lightbox=\"yes\" data-elementor-lightbox-slideshow=\"e16c680_9077\" data-elementor-lightbox-title=\"Clap Coffee \u2013 Salle du caf\u00e9 au ClapClap H\u00f4tel Strasbourg\" data-elementor-lightbox-description=\"Salle du Clap Coffee au ClapClap H\u00f4tel Strasbourg : parquet point de Hongrie, deux fauteuils bleus, poufs jaune et turquoise, table d&#039;appoint, \u00e9cran TV mural, comptoir rose arrondi avec enseigne lumineuse et plafond bleu marine \u00e0 caissons. Au 24-26 rue du Faubourg National \u00e0 Strasbourg.\" data-e-action-hash=\"#elementor-action%3Aaction%3Dlightbox%26settings%3DeyJpZCI6MTA0MTcsInVybCI6Imh0dHBzOlwvXC93d3cuY2xhcGNsYXAtc3RyYXNib3VyZy5jb21cL3dwLWNvbnRlbnRcL3VwbG9hZHNcL2NsYXAtY29mZmVlXC9jbGFwLWNvZmZlZS1zdHJhc2JvdXJnLTAwOTAud2VicCIsInNsaWRlc2hvdyI6ImUxNmM2ODBfOTA3NyJ9\" href=\"https:\/\/www.clapclap-strasbourg.com\/wp-content\/uploads\/clap-coffee\/clap-coffee-strasbourg-0090.webp\">\n\t\t\t\t\t<div class=\"ee-media__wrapper ee-gallery__media-wrapper\"><div class=\"ee-media__thumbnail ee-gallery__media__thumbnail\">\n\t\t\t<img decoding=\"async\" src=\"https:\/\/www.clapclap-strasbourg.com\/wp-content\/uploads\/clap-coffee\/clap-coffee-strasbourg-0090.webp\" alt=\"Salle du Clap Coffee au ClapClap H\u00f4tel Strasbourg avec parquet point de Hongrie, fauteuils bleus, poufs et comptoir rose\" title=\"Clap Coffee \u2013 Salle du caf\u00e9 au ClapClap H\u00f4tel Strasbourg\" \/>\n\t\t<\/div><div class=\"ee-media__overlay ee-gallery__media__overlay\"><\/div><figcaption class=\"ee-media__content ee-gallery__media__content\">\n\t\t\t<div class=\"wp-caption-text ee-media__content__caption ee-gallery__media__caption ee-caption ee-caption--wordpress\">\n\t\t\t\tLa salle du Clap Coffee au ClapClap H\u00f4tel Strasbourg : parquet point de Hongrie, fauteuils bleus, poufs jaune et turquoise, \u00e9cran TV et comptoir rose\t\t\t<\/div>\n\t\t<\/figcaption><\/div>\n\t\t\t\t<\/a>\n\t\t\t<\/div><div class=\"ee-gallery__item ee-gallery__item--3 ee-grid__item\">\n\t\t\t\t<a class=\"ee-media ee-gallery__media\" data-elementor-open-lightbox=\"yes\" data-elementor-lightbox-slideshow=\"e16c680_9077\" data-elementor-lightbox-title=\"Clap Coffee \u2013 Comptoir du caf\u00e9 au ClapClap H\u00f4tel Strasbourg\" data-elementor-lightbox-description=\"Comptoir du Clap Coffee au ClapClap H\u00f4tel Strasbourg : carrelage rose, machine \u00e0 caf\u00e9, vitrine p\u00e2tisserie, enseigne lumineuse affichant la carte, logo ClapClap en n\u00e9on, globe lights suspendues et plafond bleu marine. Au 24-26 rue du Faubourg National \u00e0 Strasbourg.\" data-e-action-hash=\"#elementor-action%3Aaction%3Dlightbox%26settings%3DeyJpZCI6MTA0MTQsInVybCI6Imh0dHBzOlwvXC93d3cuY2xhcGNsYXAtc3RyYXNib3VyZy5jb21cL3dwLWNvbnRlbnRcL3VwbG9hZHNcL2NsYXAtY29mZmVlXC9jbGFwLWNvZmZlZS1zdHJhc2JvdXJnLTAwOTMud2VicCIsInNsaWRlc2hvdyI6ImUxNmM2ODBfOTA3NyJ9\" href=\"https:\/\/www.clapclap-strasbourg.com\/wp-content\/uploads\/clap-coffee\/clap-coffee-strasbourg-0093.webp\">\n\t\t\t\t\t<div class=\"ee-media__wrapper ee-gallery__media-wrapper\"><div class=\"ee-media__thumbnail ee-gallery__media__thumbnail\">\n\t\t\t<img decoding=\"async\" src=\"https:\/\/www.clapclap-strasbourg.com\/wp-content\/uploads\/clap-coffee\/clap-coffee-strasbourg-0093.webp\" alt=\"Comptoir rose du Clap Coffee au ClapClap H\u00f4tel Strasbourg avec enseigne lumineuse, globe lights et machine \u00e0 caf\u00e9\" title=\"Clap Coffee \u2013 Comptoir du caf\u00e9 au ClapClap H\u00f4tel Strasbourg\" \/>\n\t\t<\/div><div class=\"ee-media__overlay ee-gallery__media__overlay\"><\/div><figcaption class=\"ee-media__content ee-gallery__media__content\">\n\t\t\t<div class=\"wp-caption-text ee-media__content__caption ee-gallery__media__caption ee-caption ee-caption--wordpress\">\n\t\t\t\tLe comptoir rose du Clap Coffee au ClapClap H\u00f4tel Strasbourg : enseigne lumineuse ClapClap, globe lights et parquet point de Hongrie\t\t\t<\/div>\n\t\t<\/figcaption><\/div>\n\t\t\t\t<\/a>\n\t\t\t<\/div><div class=\"ee-gallery__item ee-gallery__item--4 ee-grid__item\">\n\t\t\t\t<a class=\"ee-media ee-gallery__media\" data-elementor-open-lightbox=\"yes\" data-elementor-lightbox-slideshow=\"e16c680_9077\" data-elementor-lightbox-title=\"Clap Coffee \u2013 Caf\u00e9 &amp; espace de vie au ClapClap H\u00f4tel Strasbourg\" data-elementor-lightbox-description=\"Espace lounge du Clap Coffee au ClapClap H\u00f4tel Strasbourg : parquet point de Hongrie, grande plante tropicale, canap\u00e9 gris, fauteuils jaunes et bleus, tables basses rondes, plafond caissons bleu marine et spots. Un lieu de vie ouvert sur la rue, au 24-26 rue du Faubourg National \u00e0 Strasbourg.\" data-e-action-hash=\"#elementor-action%3Aaction%3Dlightbox%26settings%3DeyJpZCI6MTA0MTEsInVybCI6Imh0dHBzOlwvXC93d3cuY2xhcGNsYXAtc3RyYXNib3VyZy5jb21cL3dwLWNvbnRlbnRcL3VwbG9hZHNcL2NsYXAtY29mZmVlXC9jbGFwLWNvZmZlZS1zdHJhc2JvdXJnLTAwOTQud2VicCIsInNsaWRlc2hvdyI6ImUxNmM2ODBfOTA3NyJ9\" href=\"https:\/\/www.clapclap-strasbourg.com\/wp-content\/uploads\/clap-coffee\/clap-coffee-strasbourg-0094.webp\">\n\t\t\t\t\t<div class=\"ee-media__wrapper ee-gallery__media-wrapper\"><div class=\"ee-media__thumbnail ee-gallery__media__thumbnail\">\n\t\t\t<img decoding=\"async\" src=\"https:\/\/www.clapclap-strasbourg.com\/wp-content\/uploads\/clap-coffee\/clap-coffee-strasbourg-0094.webp\" alt=\"Espace lounge du Clap Coffee au ClapClap H\u00f4tel Strasbourg avec parquet point de Hongrie, plante tropicale, canap\u00e9 gris et fauteuils color\u00e9s\" title=\"Clap Coffee \u2013 Caf\u00e9 &#038; espace de vie au ClapClap H\u00f4tel Strasbourg\" \/>\n\t\t<\/div><div class=\"ee-media__overlay ee-gallery__media__overlay\"><\/div><figcaption class=\"ee-media__content ee-gallery__media__content\">\n\t\t\t<div class=\"wp-caption-text ee-media__content__caption ee-gallery__media__caption ee-caption ee-caption--wordpress\">\n\t\t\t\tL'espace lounge du Clap Coffee au ClapClap H\u00f4tel Strasbourg : parquet point de Hongrie, plantes tropicales et mobilier color\u00e9\t\t\t<\/div>\n\t\t<\/figcaption><\/div>\n\t\t\t\t<\/a>\n\t\t\t<\/div><\/div>\n\t\t<\/div>\t\t\t\t<\/div>\n\t\t\t\t<\/div>\n\t\t\t\t\t<\/div>\n\t\t<\/div>\n\t\t\t\t\t<\/div>\n\t\t<\/section>\n\t\t\t\t\t<\/div>\n\t\t<\/div>\n\t\t\t\t\t<\/div>\n\t\t<\/section>\n\t\t\t\t<section data-dce-background-color=\"#FFFFFF\" class=\"elementor-section elementor-top-section elementor-element elementor-element-c5bc125 elementor-section-boxed elementor-section-height-default elementor-section-height-default\" data-id=\"c5bc125\" data-element_type=\"section\" data-e-type=\"section\" data-settings=\"{&quot;background_background&quot;:&quot;classic&quot;}\">\n\t\t\t\t\t\t<div class=\"elementor-container elementor-column-gap-default\">\n\t\t\t\t\t<div class=\"elementor-column elementor-col-100 elementor-top-column elementor-element elementor-element-15a9b31\" data-id=\"15a9b31\" data-element_type=\"column\" data-e-type=\"column\">\n\t\t\t<div class=\"elementor-widget-wrap elementor-element-populated\">\n\t\t\t\t\t\t<div class=\"elementor-element elementor-element-388e13c elementor-widget elementor-widget-heading\" data-id=\"388e13c\" data-element_type=\"widget\" data-e-type=\"widget\" data-widget_type=\"heading.default\">\n\t\t\t\t<div class=\"elementor-widget-container\">\n\t\t\t\t\t<h2 class=\"elementor-heading-title elementor-size-default\">FAQ Clap Coffee<\/h2>\t\t\t\t<\/div>\n\t\t\t\t<\/div>\n\t\t\t\t<div class=\"elementor-element elementor-element-be5fd5b elementor-widget elementor-widget-shortcode\" data-id=\"be5fd5b\" data-element_type=\"widget\" data-e-type=\"widget\" data-widget_type=\"shortcode.default\">\n\t\t\t\t<div class=\"elementor-widget-container\">\n\t\t\t\t\t\t\t<div class=\"elementor-shortcode\"><div class=\"mixit7-faq mixit7-faq-clapclap\" data-mode=\"first\" role=\"list\">\n\n    \n    \n            <div class=\"mixit7-faq-category\">\n\n                \n                \n                    <div class=\"mixit7-faq-item is-open\" id=\"faq-was-ist-das-clapcoffee-im-clapclap-hotel-in-strasburg\" role=\"listitem\">\n                        <h3 class=\"mixit7-faq-question-heading\">                        <button\n                            class=\"mixit7-faq-question\"\n                            aria-expanded=\"true\"\n                            aria-controls=\"mixit7-faq-answer-13135\"\n                            type=\"button\"\n                        >\n                            Was ist das ClapCoffee im ClapClap H\u00f4tel in Stra\u00dfburg?                            <span class=\"mixit7-faq-icon\" aria-hidden=\"true\"><\/span>\n                        <\/button>\n                        <\/h3>\n                        <div\n                            class=\"mixit7-faq-answer\"\n                            id=\"mixit7-faq-answer-13135\"\n                                                    >\n                            <div class=\"mixit7-faq-answer-inner\">\n                                <p>Das <strong>ClapCoffee<\/strong> ist das Coffee Shop des <strong>ClapClap H\u00f4tel<\/strong>, ein <strong>130 m\u00b2<\/strong> gro\u00dfer Raum, der <strong>den ganzen Tag<\/strong> ge\u00f6ffnet ist und sowohl Hotelg\u00e4sten als auch Au\u00dfenbesuchern offensteht. Es werden Kaffees, Biere, S\u00e4fte und <strong>leichte Speisen den ganzen Tag<\/strong> angeboten, mit Weinen und Champagnern als Extras. Das ClapCoffee beherbergt regelm\u00e4\u00dfig <strong>Wechselausstellungen<\/strong> und bereichert das Kulturleben des Hauses. Es ist der ideale Ort f\u00fcr eine Pause zwischen Besichtigungen in Stra\u00dfburg - der <strong>Barrage Vauban<\/strong> ist 200 m entfernt und die <strong>Petite France<\/strong> nur wenige Gehminuten.<\/p>\n                                                            <\/div>\n                        <\/div>\n                    <\/div>\n\n                \n                    <div class=\"mixit7-faq-item\" id=\"faq-ist-das-clapcoffee-im-clapclap-hotel-fur-nicht-hotelgaste-geoffnet\" role=\"listitem\">\n                        <h3 class=\"mixit7-faq-question-heading\">                        <button\n                            class=\"mixit7-faq-question\"\n                            aria-expanded=\"false\"\n                            aria-controls=\"mixit7-faq-answer-13137\"\n                            type=\"button\"\n                        >\n                            Ist das ClapCoffee im ClapClap H\u00f4tel f\u00fcr Nicht-Hotelg\u00e4ste ge\u00f6ffnet?                            <span class=\"mixit7-faq-icon\" aria-hidden=\"true\"><\/span>\n                        <\/button>\n                        <\/h3>\n                        <div\n                            class=\"mixit7-faq-answer\"\n                            id=\"mixit7-faq-answer-13137\"\n                            hidden                        >\n                            <div class=\"mixit7-faq-answer-inner\">\n                                <p>Ja, das <strong>ClapCoffee<\/strong> des <strong>ClapClap H\u00f4tel<\/strong> ist f\u00fcr alle ge\u00f6ffnet - Hotelg\u00e4ste und <strong>Au\u00dfenbesucher<\/strong> gleicherma\u00dfen. Sein <strong>130 m\u00b2<\/strong> gro\u00dfer Raum macht es zu einer erstklassigen Adresse f\u00fcr eine Kaffeepause, ein leichtes Mittagessen oder einen Abenddrink im Zentrum von Stra\u00dfburg. <strong>Regelm\u00e4\u00dfige Kulturveranstaltungen<\/strong> - Konzerte, Ausstellungen, DJ-Sets, Filmvorf\u00fchrungen und Quizabende - beleben den Raum das ganze Jahr \u00fcber.<\/p>\n                                                            <\/div>\n                        <\/div>\n                    <\/div>\n\n                \n                    <div class=\"mixit7-faq-item\" id=\"faq-welche-veranstaltungen-werden-im-clapclap-hotel-in-strasburg-organisiert\" role=\"listitem\">\n                        <h3 class=\"mixit7-faq-question-heading\">                        <button\n                            class=\"mixit7-faq-question\"\n                            aria-expanded=\"false\"\n                            aria-controls=\"mixit7-faq-answer-13139\"\n                            type=\"button\"\n                        >\n                            Welche Veranstaltungen werden im ClapClap H\u00f4tel in Stra\u00dfburg organisiert?                            <span class=\"mixit7-faq-icon\" aria-hidden=\"true\"><\/span>\n                        <\/button>\n                        <\/h3>\n                        <div\n                            class=\"mixit7-faq-answer\"\n                            id=\"mixit7-faq-answer-13139\"\n                            hidden                        >\n                            <div class=\"mixit7-faq-answer-inner\">\n                                <p>Das <strong>ClapClap H\u00f4tel<\/strong> bietet ein Programm mit <strong>regelm\u00e4\u00dfigen Kulturveranstaltungen<\/strong>: <strong>Konzerte, Wechselausstellungen, DJ-Sets, Filmvorf\u00fchrungen und Quizabende<\/strong>. Eine <strong>Happy Hour<\/strong> wird regelm\u00e4\u00dfig organisiert, und <strong>Karaoke<\/strong>-Sessions sind als Extra verf\u00fcgbar. Diese Veranstaltungen finden im <strong>ClapCoffee<\/strong> (130 m\u00b2) oder im <strong>ClapShow<\/strong> statt, dem Veranstaltungsraum mit Platz f\u00fcr bis zu <strong>100 Personen<\/strong>. F\u00fcr das aktuelle Programm: <strong>www.clapclap-strasbourg.com<\/strong> oder <strong>info@clapclap-strasbourg.com<\/strong>.<\/p>\n                                                            <\/div>\n                        <\/div>\n                    <\/div>\n\n                \n                    <div class=\"mixit7-faq-item\" id=\"faq-was-ist-der-clapshow-im-clapclap-hotel-in-strasburg\" role=\"listitem\">\n                        <h3 class=\"mixit7-faq-question-heading\">                        <button\n                            class=\"mixit7-faq-question\"\n                            aria-expanded=\"false\"\n                            aria-controls=\"mixit7-faq-answer-13141\"\n                            type=\"button\"\n                        >\n                            Was ist der ClapShow im ClapClap H\u00f4tel in Stra\u00dfburg?                            <span class=\"mixit7-faq-icon\" aria-hidden=\"true\"><\/span>\n                        <\/button>\n                        <\/h3>\n                        <div\n                            class=\"mixit7-faq-answer\"\n                            id=\"mixit7-faq-answer-13141\"\n                            hidden                        >\n                            <div class=\"mixit7-faq-answer-inner\">\n                                <p>Der <strong>ClapShow<\/strong> ist der Veranstaltungsraum des <strong>ClapClap H\u00f4tel<\/strong>, eingerichtet im ehemaligen Restaurant des Hauses. Mit einem <strong>Innenpatio und einer Mezzanine<\/strong> bietet er Platz f\u00fcr bis zu <strong>100 Personen<\/strong> und ist <strong>7 Tage die Woche<\/strong> f\u00fcr Exklusivveranstaltungen verf\u00fcgbar. Er eignet sich f\u00fcr alle Arten von Veranstaltungen: <strong>Firmenabende, Afterworks, Geburtstage, Gruppenessen und unkonventionelle Seminare<\/strong>. Alles wird von der <strong>ClapGang<\/strong>, dem Veranstaltungsteam des Hotels, verwaltet. F\u00fcr Exklusivbuchungen: <strong>+33 (0)3 88 32 14 54<\/strong> oder <strong>info@clapclap-strasbourg.com<\/strong>.<\/p>\n                                                            <\/div>\n                        <\/div>\n                    <\/div>\n\n                \n                    <div class=\"mixit7-faq-item\" id=\"faq-kann-der-clapshow-im-clapclap-hotel-fur-eine-private-veranstaltung-exklusiv-gemietet-werden\" role=\"listitem\">\n                        <h3 class=\"mixit7-faq-question-heading\">                        <button\n                            class=\"mixit7-faq-question\"\n                            aria-expanded=\"false\"\n                            aria-controls=\"mixit7-faq-answer-13143\"\n                            type=\"button\"\n                        >\n                            Kann der ClapShow im ClapClap H\u00f4tel f\u00fcr eine private Veranstaltung exklusiv gemietet werden?                            <span class=\"mixit7-faq-icon\" aria-hidden=\"true\"><\/span>\n                        <\/button>\n                        <\/h3>\n                        <div\n                            class=\"mixit7-faq-answer\"\n                            id=\"mixit7-faq-answer-13143\"\n                            hidden                        >\n                            <div class=\"mixit7-faq-answer-inner\">\n                                <p>Ja, der <strong>ClapShow<\/strong> des <strong>ClapClap H\u00f4tel<\/strong> ist <strong>7 Tage die Woche<\/strong> f\u00fcr Exklusivveranstaltungen aller Art verf\u00fcgbar: <strong>Firmenabende, Afterworks, Geburtstage, Gruppenessen und unkonventionelle Seminare<\/strong>. Sein <strong>Innenpatio und seine Mezzanine<\/strong> bieten einen originellen, einladenden Rahmen f\u00fcr bis zu <strong>100 Personen<\/strong>. Unterkunft f\u00fcr die Teilnehmer ist vor Ort in den <strong>87 Clap Rooms<\/strong> verf\u00fcgbar. F\u00fcr Anfragen und Preise: <strong>+33 (0)3 88 32 14 54<\/strong> oder <strong>info@clapclap-strasbourg.com<\/strong>.<\/p>\n                                                            <\/div>\n                        <\/div>\n                    <\/div>\n\n                \n            <\/div><!-- .mixit7-faq-category -->\n\n        \n<\/div><!-- .mixit7-faq -->\n<\/div>\n\t\t\t\t\t\t<\/div>\n\t\t\t\t<\/div>\n\t\t\t\t\t<\/div>\n\t\t<\/div>\n\t\t\t\t\t<\/div>\n\t\t<\/section>\n\t\t\t\t<\/div>\n\t\t","protected":false},"excerpt":{"rendered":"<p>Willkommen im Ein Ort, um sich zu entspannen, einen guten Kaffee zu trinken, ein gutes Bier oder guten Saft in Stra\u00dfburg! Das ClapCoffee ist ein 130m\u00b2 gro\u00dfer Raum, in dem man sich mit Freunden, Kollegen oder der Familie treffen kann. Das ClapCoffee ist ein lebendiger Ort der Begegnung, an den Kunst und Musik eingeladen werden. [&hellip;]<\/p>\n","protected":false},"author":1,"featured_media":7999,"parent":0,"menu_order":0,"comment_status":"closed","ping_status":"closed","template":"","meta":{"_acf_changed":false,"footnotes":""},"class_list":["post-9077","page","type-page","status-publish","has-post-thumbnail","hentry"],"acf":[],"_links":{"self":[{"href":"https:\/\/www.clapclap-strasbourg.com\/de\/wp-json\/wp\/v2\/pages\/9077","targetHints":{"allow":["GET"]}}],"collection":[{"href":"https:\/\/www.clapclap-strasbourg.com\/de\/wp-json\/wp\/v2\/pages"}],"about":[{"href":"https:\/\/www.clapclap-strasbourg.com\/de\/wp-json\/wp\/v2\/types\/page"}],"author":[{"embeddable":true,"href":"https:\/\/www.clapclap-strasbourg.com\/de\/wp-json\/wp\/v2\/users\/1"}],"replies":[{"embeddable":true,"href":"https:\/\/www.clapclap-strasbourg.com\/de\/wp-json\/wp\/v2\/comments?post=9077"}],"version-history":[{"count":37,"href":"https:\/\/www.clapclap-strasbourg.com\/de\/wp-json\/wp\/v2\/pages\/9077\/revisions"}],"predecessor-version":[{"id":14112,"href":"https:\/\/www.clapclap-strasbourg.com\/de\/wp-json\/wp\/v2\/pages\/9077\/revisions\/14112"}],"wp:featuredmedia":[{"embeddable":true,"href":"https:\/\/www.clapclap-strasbourg.com\/de\/wp-json\/wp\/v2\/media\/7999"}],"wp:attachment":[{"href":"https:\/\/www.clapclap-strasbourg.com\/de\/wp-json\/wp\/v2\/media?parent=9077"}],"curies":[{"name":"wp","href":"https:\/\/api.w.org\/{rel}","templated":true}]}}